{"id":11749,"date":"2015-03-09T09:26:54","date_gmt":"2015-03-09T08:26:54","guid":{"rendered":"http:\/\/hajdusamson.hu\/?page_id=11749"},"modified":"2024-10-08T10:59:17","modified_gmt":"2024-10-08T09:59:17","slug":"rendszeres-gyermekvedelmi-kedvezmeny-ugy","status":"publish","type":"page","link":"https:\/\/hajdusamson.hu\/?page_id=11749","title":{"rendered":"Rendszeres gyermekv\u00e9delmi kedvezm\u00e9ny \u00fcgy"},"content":{"rendered":"<style type='text\/css'>.reading-box-container-1 .element-bottomshadow:before,.reading-box-container-1 .element-bottomshadow:after{opacity:0.7;}<\/style><div class=\"fusion-reading-box-container reading-box-container-1\"><div class=\"reading-box\" style=\"background-color:#f6f6f6;border-width:1px;border-color:#f6f6f6;border-left-width:3px;border-left-color:#0057a3;border-style:solid;\"><h2>Let\u00f6lthet\u0151 nyomtatv\u00e1nyok (PDF)<\/h2>\n<ul>\n<li><a href=\"https:\/\/hajdusamson.hu\/wp-content\/uploads\/2024\/09\/Formanyomtatvany_RGYK-jogosultsaghoz-es-hatranyos-helyzet-megallapitasahoz-v20240909.pdf\" target=\"_blank\" rel=\"noopener\">Formanyomtatv\u00e1ny_RGYK jogosults\u00e1ghoz \u00e9s h\u00e1tr\u00e1nyos helyzet meg\u00e1llap\u00edt\u00e1s\u00e1hoz-v20240909<\/a> (PDF)<\/li>\n<li><a href=\"https:\/\/hajdusamson.hu\/wp-content\/uploads\/2021\/05\/K\u00f6rnyezettanulm\u00e1ny-HH-HHH-meg\u00e1llap\u00edt\u00e1s\u00e1hoz-v210514.pdf\" target=\"_blank\" rel=\"noopener noreferrer\">K\u00f6rnyezettanulm\u00e1ny HH, HHH meg\u00e1llap\u00edt\u00e1s\u00e1hoz v210514<\/a> (PDF)<\/li>\n<li><a href=\"https:\/\/hajdusamson.hu\/wp-content\/uploads\/2021\/01\/Munk\u00e1ltat\u00f3i-igazol\u00e1s-v20210118.pdf\" target=\"_blank\" rel=\"noopener noreferrer\">Munk\u00e1ltat\u00f3i igazol\u00e1s v20210118<\/a> (PDF)<\/li>\n<li><a href=\"https:\/\/hajdusamson.hu\/wp-content\/uploads\/2021\/01\/Nyilatkozat-v20210118.pdf\" target=\"_blank\" rel=\"noopener noreferrer\">Nyilatkozat v20210118<\/a> (PDF)<\/li>\n<\/ul>\n<\/div><\/div>\n<div class=\"fusion-fullwidth fullwidth-box\" style=\"background-color:#ffffff;background-attachment:scroll;background-position:left top;background-repeat:no-repeat;-webkit-background-size:cover;-moz-background-size:cover;-o-background-size:cover;background-size:cover;border-color:#eae9e9;border-bottom-width: 0px;border-top-width: 0px;border-bottom-style: solid;border-top-style: solid;padding-bottom:20px;padding-left:20px;padding-right:20px;padding-top:20px;\"><div class=\"avada-row\">\n<p><strong><span style=\"text-decoration: underline;\">\u00dcgyle\u00edr\u00e1s:<\/span><\/strong><\/p>\n<p style=\"padding-left: 40px; text-align: justify;\">Rendszeres gyermekv\u00e9delmi kedvezm\u00e9nyre a gyermek szoci\u00e1lis helyzete alapj\u00e1n jogosult.<\/p>\n<p><strong><u>Sz\u00fcks\u00e9ges okiratok:<\/u><\/strong><\/p>\n<p style=\"padding-left: 40px;\">Az ig\u00e9nyl\u0151 adatlap beny\u00fajt\u00e1sa eset\u00e9n az \u00fcgyint\u00e9z\u00e9s el\u0151seg\u00edt\u00e9se \u00e9rdek\u00e9ben a k\u00e9relmez\u0151 szem\u00e9lyi igazolv\u00e1nya, lakc\u00edmnyilv\u00e1ntart\u00f3-k\u00e1rtya \u00e9s TAJ- k\u00e1rtya bemutat\u00e1sa sz\u00fcks\u00e9ges!<\/p>\n<p><strong><u>A k\u00e9relemhez csatolni kell:<\/u><\/strong><\/p>\n<ul>\n<li style=\"text-align: justify;\">a havi rendszeress\u00e9ggel j\u00e1r\u00f3 \u2013 nem v\u00e1llalkoz\u00e1sb\u00f3l, illetve \u0151stermel\u0151i tev\u00e9kenys\u00e9gb\u0151l sz\u00e1rmaz\u00f3- j\u00f6vedelem eset\u00e9n a k\u00e9relem beny\u00fajt\u00e1s\u00e1t megel\u0151z\u0151 h\u00f3nap j\u00f6vedelm\u00e9r\u0151l sz\u00f3l\u00f3 igazol\u00e1st,<\/li>\n<li style=\"text-align: justify;\">a nem havi rendszeress\u00e9ggel szerzett, illetve v\u00e1llalkoz\u00e1sb\u00f3l sz\u00e1rmaz\u00f3 j\u00f6vedelem eset\u00e9n a k\u00e9relem beny\u00fajt\u00e1s\u00e1nak h\u00f3napj\u00e1t k\u00f6zvetlen\u00fcl megel\u0151z\u0151 tizenk\u00e9t h\u00f3nap alatt szerzett j\u00f6vedelem egy havi \u00e1tlag\u00e1r\u00f3l sz\u00f3l\u00f3 igazol\u00e1st,<\/li>\n<li>gyermektart\u00e1sd\u00edj, \u00f6szt\u00f6nd\u00edjra vonatkoz\u00f3 igazol\u00e1st.<\/li>\n<\/ul>\n<p><strong><u>A gyorsabb \u00fcgyint\u00e9z\u00e9s \u00e9rdek\u00e9ben csatolni lehet:<\/u><\/strong><\/p>\n<ul>\n<li>\u00e1rvaell\u00e1t\u00e1s \u00f6sszeg\u00e9r\u0151l sz\u00f3l\u00f3 hat\u00f3s\u00e1gi bizony\u00edtv\u00e1nyt, \u00e1ll\u00e1skeres\u00e9si ell\u00e1t\u00e1s hat\u00e1rozat\u00e1t,<\/li>\n<li>16 \u00e9v feletti gyermek eset\u00e9ben a di\u00e1kigazolv\u00e1ny m\u00e1solat\u00e1t,<\/li>\n<li>nyugd\u00edjasok eset\u00e9n a Nyugd\u00edjbiztos\u00edt\u00f3 Igazgat\u00f3s\u00e1g \u00e1ltal kiadott nyugd\u00edj \u00f6sszeg\u00e9r\u0151l sz\u00f3l\u00f3 \u00e9ves igazol\u00e1st,<\/li>\n<li>a k\u00e9relem beny\u00fajt\u00e1s\u00e1t megel\u0151z\u0151 h\u00f3nap nyugd\u00edjszelv\u00e9ny\u00e9t.<\/li>\n<li>V\u00e1l\u00e1sr\u00f3l, gyermekelhelyez\u00e9sr\u0151l sz\u00f3l\u00f3 b\u00edr\u00f3s\u00e1gi v\u00e9gz\u00e9s m\u00e1solat\u00e1t.<\/li>\n<\/ul>\n<p><strong><u>Az \u00fcgyet int\u00e9z\u0151 oszt\u00e1ly:<\/u><\/strong><\/p>\n<p style=\"padding-left: 30px;\">Hajd\u00fas\u00e1msoni Polg\u00e1rmesteri Hivatal<br \/>\nSzoci\u00e1lis \u00e9s Gy\u00e1m\u00fcgyi Oszt\u00e1ly<br \/>\n4251. Hajd\u00fas\u00e1mson, Szabads\u00e1g t\u00e9r 5. \u201eD\u201d \u00e9p\u00fclet<\/p>\n<p><strong><u>\u00dcgyint\u00e9z\u00e9s helye, el\u00e9rhet\u0151s\u00e9ge \u00e9s rendje:<\/u><\/strong><\/p>\n<p style=\"padding-left: 30px;\">4251. Hajd\u00fas\u00e1mson, Szabads\u00e1g t\u00e9r 5. \u201eD\u201d \u00e9p\u00fclet<br \/>\n<strong>Telefon: <\/strong>590-596<br \/>\n<strong>E-mail: <\/strong>szocialisiroda@hajdusamson.hu<\/p>\n<p><strong><u>\u00dcgyf\u00e9lfogad\u00e1s:<\/u><\/strong><\/p>\n<p style=\"padding-left: 30px;\">H\u00e9tf\u0151: 12.30 \u2013 16.00<br \/>\nKedd, szerda, p\u00e9ntek: 8.00 \u2013 12.00<br \/>\nCs\u00fct\u00f6rt\u00f6k\u00f6n \u00fcgyf\u00e9lfogad\u00e1s nincs.<\/p>\n<p><strong><u>\u00dcgyint\u00e9z\u00e9s hat\u00e1rideje \u00e9s d\u00edja:<\/u><\/strong><\/p>\n<p style=\"padding-left: 30px;\">60 nap, illet\u00e9kmentes.<\/p>\n<p><strong><u>Kapcsol\u00f3d\u00f3 dokumentumok, nyomtatv\u00e1nyok, \u00fatmutat\u00f3k:<\/u><\/strong><\/p>\n<p style=\"padding-left: 30px;\">A k\u00e9relmet formanyomtatv\u00e1nyon kell beny\u00fajtani.<\/p>\n<ul>\n<li><a href=\"https:\/\/hajdusamson.hu\/wp-content\/uploads\/2024\/09\/Formanyomtatvany_RGYK-jogosultsaghoz-es-hatranyos-helyzet-megallapitasahoz-v20240909.pdf\" target=\"_blank\" rel=\"noopener\">Formanyomtatv\u00e1ny_RGYK jogosults\u00e1ghoz \u00e9s h\u00e1tr\u00e1nyos helyzet meg\u00e1llap\u00edt\u00e1s\u00e1hoz-v20240909<\/a> (PDF)<\/li>\n<li><a href=\"https:\/\/hajdusamson.hu\/wp-content\/uploads\/2021\/05\/K\u00f6rnyezettanulm\u00e1ny-HH-HHH-meg\u00e1llap\u00edt\u00e1s\u00e1hoz-v210514.pdf\" target=\"_blank\" rel=\"noopener noreferrer\">K\u00f6rnyezettanulm\u00e1ny HH, HHH meg\u00e1llap\u00edt\u00e1s\u00e1hoz v210514<\/a> (PDF)<\/li>\n<li><a href=\"https:\/\/hajdusamson.hu\/wp-content\/uploads\/2021\/01\/Munk\u00e1ltat\u00f3i-igazol\u00e1s-v20210118.pdf\" target=\"_blank\" rel=\"noopener noreferrer\">Munk\u00e1ltat\u00f3i igazol\u00e1s v20210118<\/a> (PDF)<\/li>\n<li><a href=\"https:\/\/hajdusamson.hu\/wp-content\/uploads\/2021\/01\/Nyilatkozat-v20210118.pdf\" target=\"_blank\" rel=\"noopener noreferrer\">Nyilatkozat v20210118<\/a> (PDF)<\/li>\n<\/ul>\n<p><strong><u>Alkalmazott jogszab\u00e1lyok:<\/u><\/strong><\/p>\n<ul>\n<li>A gyermekek v\u00e9delm\u00e9r\u0151l \u00e9s a gy\u00e1m\u00fcgyi igazgat\u00e1sr\u00f3l sz\u00f3l\u00f3 1997. \u00e9vi XXXI. t\u00f6rv\u00e9ny 19. \u00a7 , 20. \u00a7<\/li>\n<li>A gy\u00e1mhat\u00f3s\u00e1gokr\u00f3l, valamint a gyermekv\u00e9delmi \u00e9s gy\u00e1m\u00fcgyi elj\u00e1r\u00e1sr\u00f3l 149\/1997 (IX.10) Korm. rendelet 65. \u00a7 &#8211; 68. \u00a7<\/li>\n<\/ul>\n<p><span style=\"text-decoration: underline;\"><strong>Jogosults\u00e1g felt\u00e9telei:<\/strong><\/span><\/p>\n<ul>\n<li style=\"text-align: justify;\">A gyermeket gondoz\u00f3 csal\u00e1dban az egy f\u0151re jut\u00f3 havi j\u00f6vedelem nem haladja meg:<br \/>\n&#8211; a szoci\u00e1lis vet\u00edt\u00e9si alap 225%-\u00e1t, amely 64 125 Ft.<br \/>\n&#8211; a szoci\u00e1lis vet\u00edt\u00e9si alap\u00a0 245%-\u00e1t, amely 69 825 Ft, ha<br \/>\na) a gyermeket egyed\u00fcl\u00e1ll\u00f3 sz\u00fcl\u0151, illetve m\u00e1s t\u00f6rv\u00e9nyes k\u00e9pvisel\u0151 gondozza, vagy<br \/>\nb) ha a gyermek tart\u00f3san beteg, illetve s\u00falyosan fogyat\u00e9kos, vagy<br \/>\nc) ha a nagykor\u00fav\u00e1 v\u00e1lt gyermek nappali oktat\u00e1s munkarendje szerint tanulm\u00e1nyokat folytat \u00e9s a 23. \u00e9let\u00e9v\u00e9t m\u00e9g nem t\u00f6lt\u00f6tte be, vagy fels\u0151fok\u00fa oktat\u00e1si int\u00e9zm\u00e9ny nappali tagozat\u00e1n tanul \u00e9s a 25. \u00e9let\u00e9v\u00e9t m\u00e9g nem t\u00f6lt\u00f6tte be.<\/li>\n<\/ul>\n<p><span style=\"text-decoration: underline;\"><strong>A t\u00e1mogat\u00e1s id\u0151tartama:<\/strong><\/span><\/p>\n<p>a felt\u00e9telek fenn\u00e1ll\u00e1sa eset\u00e9n a kedvezm\u00e9ny 1 \u00e9v id\u0151tartamra ker\u00fcl meg\u00e1llap\u00edt\u00e1sra.<\/p>\n<ul>\n<li>a gyermek 18 \u00e9ves kor\u00e1ig, amennyiben addig nem folytat keres\u0151 tev\u00e9kenys\u00e9get<\/li>\n<li>a gyermek 23 \u00e9ves kor\u00e1ig, amennyiben nappali oktat\u00e1s munkarendje szerinti tanulm\u00e1nyokat folytat<\/li>\n<li>a gyermek 25 \u00e9ves kor\u00e1ig, amennyiben fels\u0151fok\u00fa oktat\u00e1si int\u00e9zm\u00e9ny nappali tagozat\u00e1n tanul.<\/li>\n<li>akinek rendszeres gyermekv\u00e9delmi kedvezm\u00e9nyre val\u00f3 jogosults\u00e1ga<br \/>\n<strong>a.\/ a t\u00e1rgy\u00e9v augusztus 1-j\u00e9n fenn\u00e1ll, a t\u00e1rgy\u00e9v augusztus h\u00f3napj\u00e1ban<br \/>\n<\/strong><strong>b.\/ a t\u00e1rgy\u00e9v november 1-j\u00e9n fenn\u00e1ll, a t\u00e1rgy\u00e9v november h\u00f3napj\u00e1ban<\/strong><\/p>\n<ul>\n<li><strong>p\u00e9nzbeli t\u00e1mogat\u00e1st biztos\u00edt gyermekenk\u00e9nt 6 000 Ft<\/strong><\/li>\n<li><strong>h\u00e1tr\u00e1nyos, halmozottan h\u00e1tr\u00e1nyos helyzet fenn\u00e1ll\u00e1sa eset\u00e9n 6\u00a0500 Ft \u00f6sszegben.<\/strong><\/li>\n<\/ul>\n<\/li>\n<\/ul>\n<p><strong>A rendszeres gyermekv\u00e9delmi kedvezm\u00e9nyre jogosult gyermek ut\u00e1n a gyermek csal\u00e1dbafogad\u00f3 gy\u00e1mj\u00e1ul kirendelt hozz\u00e1tartoz\u00f3 p\u00e9nzbeli ell\u00e1t\u00e1sra jogosult, ha<\/strong><\/p>\n<ul>\n<li>a gyermek tart\u00e1s\u00e1ra k\u00f6teles, \u00e9s<\/li>\n<li>nyugell\u00e1t\u00e1sban, korhat\u00e1r el\u0151tti ell\u00e1t\u00e1sban, szolg\u00e1lati j\u00e1rand\u00f3s\u00e1gban, balettm\u0171v\u00e9szeti \u00e9letj\u00e1rad\u00e9kban, \u00e1tmeneti b\u00e1ny\u00e1szj\u00e1rad\u00e9kban, megv\u00e1ltozott munkak\u00e9pess\u00e9g\u0171 szem\u00e9lyek ell\u00e1t\u00e1s\u00e1ban, id\u0151skor\u00faak j\u00e1rad\u00e9k\u00e1ban vagy olyan ell\u00e1t\u00e1sban r\u00e9szes\u00fcl, amely a nyugd\u00edjszer\u0171 rendszeres szoci\u00e1lis ell\u00e1t\u00e1sok emel\u00e9s\u00e9r\u0151l sz\u00f3l\u00f3 jogszab\u00e1ly hat\u00e1lya al\u00e1 tartozik. A p\u00e9nzbeli ell\u00e1t\u00e1s havi \u00f6sszege &#8211; gyermekenk\u00e9nt &#8211; a szoci\u00e1lis vet\u00edt\u00e9si alap \u00f6sszeg\u00e9nek 22 sz\u00e1zal\u00e9ka. A p\u00e9nzbeli ell\u00e1t\u00e1sra val\u00f3 jogosults\u00e1g mellett \u00e9vente 2 alkalommal augusztus \u00e9s november h\u00f3napra p\u00f3tl\u00e9k ker\u00fcl foly\u00f3s\u00edt\u00e1sra.<\/li>\n<\/ul>\n<p><strong>A gyermek h\u00e1tr\u00e1nyos, halmozottan h\u00e1tr\u00e1nyos helyzet\u00e9nek fenn\u00e1ll\u00e1sa<\/strong><\/p>\n<ul>\n<li>a sz\u00fcl\u0151, csal\u00e1dba fogad\u00f3 gy\u00e1m alacsony iskolai v\u00e9gzetts\u00e9ge,<\/li>\n<li>alacsony foglalkoztatotts\u00e1g tekintet\u00e9ben &#8211; akt\u00edv kor\u00faak ell\u00e1t\u00e1s\u00e1ra val\u00f3 jogosults\u00e1g vagy \u00e1ll\u00e1skeres\u0151k\u00e9nt t\u00f6rt\u00e9n\u0151 nyilv\u00e1ntart\u00e1sr\u00f3l sz\u00f3l\u00f3 igazol\u00e1s,<\/li>\n<li>\u00a0lak\u00f3k\u00f6rnyezet, lak\u00e1sk\u00f6r\u00fclm\u00e9ny tekintet\u00e9ben elv\u00e9gzett k\u00f6rnyezettanulm\u00e1ny alapj\u00e1n ker\u00fcl meg\u00e1llap\u00edt\u00e1sra.<\/li>\n<\/ul>\n<\/div><\/div>\n","protected":false},"excerpt":{"rendered":"","protected":false},"author":1,"featured_media":0,"parent":11736,"menu_order":0,"comment_status":"open","ping_status":"open","template":"","meta":{"footnotes":""},"class_list":["post-11749","page","type-page","status-publish","hentry"],"_links":{"self":[{"href":"https:\/\/hajdusamson.hu\/index.php?rest_route=\/wp\/v2\/pages\/11749","targetHints":{"allow":["GET"]}}],"collection":[{"href":"https:\/\/hajdusamson.hu\/index.php?rest_route=\/wp\/v2\/pages"}],"about":[{"href":"https:\/\/hajdusamson.hu\/index.php?rest_route=\/wp\/v2\/types\/page"}],"author":[{"embeddable":true,"href":"https:\/\/hajdusamson.hu\/index.php?rest_route=\/wp\/v2\/users\/1"}],"replies":[{"embeddable":true,"href":"https:\/\/hajdusamson.hu\/index.php?rest_route=%2Fwp%2Fv2%2Fcomments&post=11749"}],"version-history":[{"count":15,"href":"https:\/\/hajdusamson.hu\/index.php?rest_route=\/wp\/v2\/pages\/11749\/revisions"}],"predecessor-version":[{"id":24255,"href":"https:\/\/hajdusamson.hu\/index.php?rest_route=\/wp\/v2\/pages\/11749\/revisions\/24255"}],"up":[{"embeddable":true,"href":"https:\/\/hajdusamson.hu\/index.php?rest_route=\/wp\/v2\/pages\/11736"}],"wp:attachment":[{"href":"https:\/\/hajdusamson.hu\/index.php?rest_route=%2Fwp%2Fv2%2Fmedia&parent=11749"}],"curies":[{"name":"wp","href":"https:\/\/api.w.org\/{rel}","templated":true}]}}