{"id":11836,"date":"2015-03-10T03:59:34","date_gmt":"2015-03-10T02:59:34","guid":{"rendered":"http:\/\/hajdusamson.hu\/?page_id=11836"},"modified":"2022-03-01T14:44:17","modified_gmt":"2022-03-01T13:44:17","slug":"eszterlanc-ovoda","status":"publish","type":"page","link":"https:\/\/hajdusamson.hu\/?page_id=11836","title":{"rendered":"\u00d3vod\u00e1k"},"content":{"rendered":"<div class=\"fusion-fullwidth fullwidth-box\" style=\"background-color:#ffffff;background-attachment:scroll;background-position:left top;background-repeat:no-repeat;-webkit-background-size:cover;-moz-background-size:cover;-o-background-size:cover;background-size:cover;border-color:#eae9e9;border-bottom-width: 0px;border-top-width: 0px;border-bottom-style: solid;border-top-style: solid;padding-bottom:20px;padding-left:20px;padding-right:20px;padding-top:20px;\"><div class=\"avada-row\">\n<p>2021. szeptember 1-\u00e9n az \u00f3voda 2 szervezett\u00e9 alakult \u00e1t.<\/p>\n<div class=\"fusion-one-half one_half fusion-layout-column fusion-column last spacing-yes\"><div class=\"fusion-column-wrapper\"><em><strong>Hajd\u00fas\u00e1msoni \u00d6nkorm\u00e1nyzati \u00d3voda<\/strong><\/em><\/p>\n<table>\n<tbody>\n<tr>\n<td>Vezet\u0151:<\/td>\n<td><strong>Dem\u00e9n\u00e9 T\u00f3th \u00c1gnes<\/strong><\/td>\n<\/tr>\n<tr>\n<td>C\u00edm:<\/td>\n<td>4251 Hajd\u00fas\u00e1mson Kossuth u. 15. sz.<\/td>\n<\/tr>\n<tr>\n<td>Telefon:<\/td>\n<td>+36 (52) 200-025<\/td>\n<\/tr>\n<tr>\n<td><\/td>\n<td><\/td>\n<\/tr>\n<tr>\n<td>Honlap:<\/td>\n<td><a href=\"http:\/\/ovoda.hajdusamson.hu\" target=\"_blank\" rel=\"noopener\">http:\/\/ovoda.hajdusamson.hu<\/a> (felt\u00f6lt\u00e9s alatt)<\/td>\n<\/tr>\n<tr>\n<td>Email:<\/td>\n<td><a href=\"mailto:ovodatitkarsag@hajdusamson.hu\">ovodatitkarsag@hajdusamson.hu<\/a><\/td>\n<\/tr>\n<\/tbody>\n<\/table>\n<\/div><\/div><div class=\"fusion-clearfix\"><\/div><div class=\"fusion-one-half one_half fusion-layout-column fusion-column spacing-yes\"><div class=\"fusion-column-wrapper\"><em><strong>Eszterl\u00e1nc \u00d3voda<\/strong><\/em><\/p>\n<table>\n<tbody>\n<tr>\n<td>Vezet\u0151:<\/td>\n<td><strong>S\u00fcv\u00f6lt\u0151sn\u00e9 Terdik Katalin<\/strong><\/td>\n<\/tr>\n<tr>\n<td>C\u00edm:<\/td>\n<td>4251 Hajd\u00fas\u00e1mson Kossuth u. 15. sz.<\/td>\n<\/tr>\n<tr>\n<td>Telefon:<\/td>\n<td>+36 (52) 590-406<\/td>\n<\/tr>\n<tr>\n<td><\/td>\n<td><\/td>\n<\/tr>\n<tr>\n<td>Honlap:<\/td>\n<td><a href=\"http:\/\/www.eszterlancovi.hu\/\">www.eszterlancovi.hu<\/a><\/td>\n<\/tr>\n<tr>\n<td>Email:<\/td>\n<td><a class=\"moz-txt-link-abbreviated\" href=\"mailto:eszterlancovoda@samsoniskola.hu\">eszterlancovoda@samsoniskola.hu<\/a><\/td>\n<\/tr>\n<\/tbody>\n<\/table>\n<\/div><\/div><\/div><\/div><div class=\"fusion-fullwidth fullwidth-box\" style=\"background-color:#ffffff;background-attachment:scroll;background-position:left top;background-repeat:no-repeat;-webkit-background-size:cover;-moz-background-size:cover;-o-background-size:cover;background-size:cover;border-color:#eae9e9;border-bottom-width: 0px;border-top-width: 0px;border-bottom-style: solid;border-top-style: solid;padding-bottom:20px;padding-left:20px;padding-right:20px;padding-top:20px;\"><div class=\"avada-row\">\n<p>&nbsp;<\/p>\n<p>Mind k\u00e9t \u00f3vod\u00e1n\u00e1l az \u00e9tkez\u00e9s:<\/p>\n<h2 style=\"text-align: center;\"><strong>\u00c9tkez\u00e9s lemond\u00e1s, rendel\u00e9s: +36 (52) 590-009<\/strong><\/h2>\n<hr \/>\n<p>&nbsp;<\/p>\n<div class=\"fusion-sep-clear\"><\/div><div class=\"fusion-separator fusion-full-width-sep sep-single\" style=\"border-color:#e0dede;margin-top:px;margin-bottom:20px;\"><span class=\"icon-wrapper\" style=\"border-color:#e0dede;\"><i class=\"fa fa-caret-down\" style=\"color:#e0dede;\"><\/i><\/span><\/div>\n<h3 style=\"text-align: center;\"><strong>Az Eszterl\u00e1nc \u00d3voda bemutat\u00e1sa<\/strong><\/h3>\n<p><em><strong>Felt\u00f6lt\u00e9s alatt a 2021-es v\u00e1ltoz\u00e1s<\/strong><\/em><\/p>\n<p>&nbsp;<\/p>\n<p><strong><em>Kor\u00e1bbi inform\u00e1ci\u00f3k:<\/em><\/strong><\/p>\n<p>Az Eszterl\u00e1nc \u00d3voda orsz\u00e1gos szinten is n\u00edv\u00f3s, \u00e9p\u00edt\u00e9szeti szempontb\u00f3l a r\u00e9gi\u00f3 egyik legmodernebb \u00f3vod\u00e1ja. Az int\u00e9zm\u00e9ny a v\u00e1ros centrum\u00e1ban tal\u00e1lhat\u00f3. A k\u00f6zel 1 milli\u00e1rd forintb\u00f3l \u00e9p\u00fclt int\u00e9zm\u00e9ny \u00e9p\u00fclete \u00e9s felszerelts\u00e9ge megfelel a XXI. sz\u00e1zadi modern \u00f3vod\u00e1kkal szemben t\u00e1masztott k\u00f6vetelm\u00e9nyeknek.<\/p>\n<p><img loading=\"lazy\" decoding=\"async\" class=\"aligncenter wp-image-11837\" src=\"https:\/\/hajdusamson.hu\/wp-content\/uploads\/2015\/03\/termek_files0000000248_m.jpg\" alt=\"\u00d3voda\" width=\"613\" height=\"192\" srcset=\"https:\/\/hajdusamson.hu\/wp-content\/uploads\/2015\/03\/termek_files0000000248_m.jpg 613w, https:\/\/hajdusamson.hu\/wp-content\/uploads\/2015\/03\/termek_files0000000248_m-300x94.jpg 300w\" sizes=\"auto, (max-width: 613px) 100vw, 613px\" \/><\/p>\n<p>A t\u00f6bb udvarr\u00e9sszel ell\u00e1tott, parkos\u00edtott int\u00e9zm\u00e9ny\u00fcnket nagy \u00f6r\u00f6mmel \u00e9s k\u00edv\u00e1ncsis\u00e1ggal vett\u00e9k birtokukba a gyerekek \u00e9s a dolgoz\u00f3k egyar\u00e1nt. A faj\u00e1t\u00e9kokkal felszerelt udvar kiv\u00e1l\u00f3 lehet\u0151s\u00e9get biztos\u00edt a gyermekek mozg\u00e1s\u00e1nak fejleszt\u00e9s\u00e9re, mozg\u00e1sig\u00e9ny\u00fck kiel\u00e9g\u00edt\u00e9s\u00e9re.<\/p>\n<p>Egy \u00e9ve fenntart\u00f3i k\u00f6lts\u00e9gvet\u00e9sb\u0151l siker\u00fclt kialak\u00edtani egy s\u00f3szob\u00e1t, amelyet prevenci\u00f3s c\u00e9lb\u00f3l heti rendszeress\u00e9ggel l\u00e1togathatnak a gyerekek.<\/p>\n<p><img loading=\"lazy\" decoding=\"async\" class=\" aligncenter\" src=\"http:\/\/www.hajdusamson.hu\/files\/termek_files0000000081_m.png\" alt=\"\" width=\"567\" height=\"328\" \/><\/p>\n<p>Az int\u00e9zm\u00e9ny\u00fcnk 500 gyermek befogad\u00e1s\u00e1ra alkalmas \u00f3vodakomplexum, ahol <a href=\"http:\/\/www.hajdusamson.hu\/files\/termek_files0000001099.pdf\">20 csoportban <\/a>\u00a0folyik az oktat\u00f3-nevel\u0151 munka. Minden csoport nevet v\u00e1lasztott azzal a c\u00e9llal, hogy egy\u00e9ni arculatot alak\u00edtson ki, \u00e9s nem utols\u00f3 sorban seg\u00edts\u00e9get ny\u00fajtson az int\u00e9zm\u00e9nybe l\u00e1togat\u00f3knak a t\u00e1j\u00e9koz\u00f3d\u00e1sban.<\/p>\n<p>A <a href=\"http:\/\/www.hajdusamson.hu\/files\/termek_files0000000085_m.jpg\">csoportszob\u00e1k<\/a> otthonos k\u00f6rnyezetet biztos\u00edtanak, hangulatosak, eszt\u00e9tikusak, megfelelnek a nevel\u00e9si programunk \u00e1ltal meghat\u00e1rozott c\u00e9lok el\u00e9r\u00e9s\u00e9nek.<\/p>\n<p>A gyermekek \u00f3vodai elhelyez\u00e9se ir\u00e1nti k\u00e9relmek k\u00f6z\u00fcl egyet sem kellett elutas\u00edtanunk, minden gyerek felv\u00e9telre ker\u00fclt. A fenti l\u00e9tsz\u00e1m m\u00e9g nem t\u00fckr\u00f6zi azokat a gyerekeket, akik a nevel\u00e9si \u00e9v folyam\u00e1n t\u00f6ltik be az \u00f3vodai elhelyez\u00e9shez sz\u00fcks\u00e9ges korhat\u00e1rt, illetve akik \u00e9v k\u00f6zben szeretn\u00e9k be\u00edratni a gyerek\u00fcket, \u00edgy az int\u00e9zm\u00e9ny\u00fcnkben a nevel\u00e9si \u00e9v k\u00f6zben is folyamatosan \u00e9rkeznek a gyerekek.<\/p>\n<p>Az Eszterl\u00e1nc \u00d3vod\u00e1ban igyeksz\u00fcnk olyan felt\u00e9teleket, fejleszt\u00e9si lehet\u0151s\u00e9geket biztos\u00edtani, amelyek kiel\u00e9g\u00edtik a sz\u00fcl\u0151k, a gyermekek \u00e9s az int\u00e9zm\u00e9nyben dolgoz\u00f3k ig\u00e9nyeit, illetve ahol a gyermekek szem\u00e9lyis\u00e9g\u00e9nek fejl\u0151d\u00e9s\u00e9t, testi-lelki sz\u00fcks\u00e9gleteinek kiel\u00e9g\u00edt\u00e9s\u00e9t maxim\u00e1lisan biztos\u00edtani tudjuk.<\/p>\n<p>Az \u00f3voda dolgoz\u00f3inak szakmai ell\u00e1totts\u00e1ga 100 sz\u00e1zal\u00e9kos, jelenlegi l\u00e9tsz\u00e1munk\u00a090 f\u0151.<\/p>\n<p><strong>Alkalmazottak szakfeladatonk\u00e9nti \u00e9s munkak\u00f6r\u00f6nk\u00e9nti kimutat\u00e1sa<\/strong><\/p>\n<table>\n<tbody>\n<tr>\n<td colspan=\"3\" width=\"614\"><strong>851011 \u2013 \u00d3vodai nevel\u00e9s<\/strong><\/td>\n<\/tr>\n<tr>\n<td colspan=\"3\" width=\"614\"><strong>Pedag\u00f3gus munkak\u00f6rben foglalkoztatottak<\/strong><\/td>\n<\/tr>\n<tr>\n<td width=\"23\">1.<\/td>\n<td width=\"153\">\u00d3vodavezet\u0151<\/td>\n<td width=\"275\">1 f\u0151<\/td>\n<\/tr>\n<tr>\n<td width=\"23\">2.<\/td>\n<td width=\"153\">\u00d3vodavezet\u0151-helyettes<\/td>\n<td width=\"275\">2 f\u0151<\/td>\n<\/tr>\n<tr>\n<td width=\"23\">3.<\/td>\n<td width=\"153\">\u00d3vodapedag\u00f3gus<\/td>\n<td width=\"275\">38 f\u0151<\/td>\n<\/tr>\n<tr>\n<td width=\"23\">4.<\/td>\n<td width=\"153\">Logop\u00e9dus<\/td>\n<td width=\"275\">1 f\u0151<\/td>\n<\/tr>\n<tr>\n<td width=\"23\">5.<\/td>\n<td width=\"153\">Fejleszt\u0151 pedag\u00f3gus<\/td>\n<td width=\"275\">1 f\u0151<\/td>\n<\/tr>\n<tr>\n<td width=\"23\">6.<\/td>\n<td width=\"153\">Pedag\u00f3giai asszisztens<\/td>\n<td width=\"275\">6 f\u0151<\/td>\n<\/tr>\n<tr>\n<td width=\"23\"><\/td>\n<td width=\"153\"><strong><em>\u00a0\u00a0 \u00d6sszesen:<\/em><\/strong><\/td>\n<td width=\"275\"><strong><em>49 f\u0151<\/em><\/strong><\/td>\n<\/tr>\n<tr>\n<td colspan=\"3\" width=\"614\"><strong>Nem pedag\u00f3gus munkak\u00f6rben foglalkoztattak<\/strong><\/td>\n<\/tr>\n<tr>\n<td width=\"23\">1.<\/td>\n<td width=\"153\">\u00d3vodatitk\u00e1r<\/td>\n<td width=\"275\">1 f\u0151<\/td>\n<\/tr>\n<tr>\n<td width=\"23\">2.<\/td>\n<td width=\"153\">P\u00e9nz\u00fcgyi-gazdas\u00e1gi \u00fcgyint\u00e9z\u0151<\/td>\n<td width=\"275\">1 f\u0151<\/td>\n<\/tr>\n<tr>\n<td width=\"23\">3.<\/td>\n<td width=\"153\">Elj\u00e1r\u00f3-\u00fcgyint\u00e9z\u0151<\/td>\n<td width=\"275\">1 f\u0151<\/td>\n<\/tr>\n<tr>\n<td width=\"23\">4.<\/td>\n<td width=\"153\">Dajka<\/td>\n<td width=\"275\">20 f\u0151<\/td>\n<\/tr>\n<tr>\n<td width=\"23\">5.<\/td>\n<td width=\"153\">Takar\u00edt\u00f3<\/td>\n<td width=\"275\">2 f\u0151<\/td>\n<\/tr>\n<tr>\n<td width=\"23\">6.<\/td>\n<td width=\"153\">Mos\u00f3- vasal\u00f3n\u0151<\/td>\n<td width=\"275\">2 f\u0151<\/td>\n<\/tr>\n<tr>\n<td width=\"23\">7.<\/td>\n<td width=\"153\">Karbantart\u00f3, udvaros<\/td>\n<td width=\"275\">3 f\u0151<\/td>\n<\/tr>\n<tr>\n<td width=\"23\"><\/td>\n<td width=\"153\"><strong><em>\u00d6sszesen:<\/em><\/strong><\/td>\n<td width=\"275\"><strong><em>30 f\u0151<\/em><\/strong><\/td>\n<\/tr>\n<tr>\n<td colspan=\"3\" width=\"614\"><strong>562912 &#8211; Int\u00e9zm\u00e9nyi \u00e9tkeztet\u00e9s<\/strong><\/td>\n<\/tr>\n<tr>\n<td width=\"23\">1.<\/td>\n<td width=\"153\">\u00c9lelmez\u00e9svezet\u0151<\/td>\n<td width=\"275\">1 f\u0151<\/td>\n<\/tr>\n<tr>\n<td width=\"23\">2.<\/td>\n<td width=\"153\">Rakt\u00e1ros<\/td>\n<td width=\"275\">1 f\u0151<\/td>\n<\/tr>\n<tr>\n<td width=\"23\">3.<\/td>\n<td width=\"153\">Szak\u00e1cs<\/td>\n<td width=\"275\">2 f\u0151<\/td>\n<\/tr>\n<tr>\n<td width=\"23\">4.<\/td>\n<td width=\"153\">Konyhai kiseg\u00edt\u0151<\/td>\n<td width=\"275\">7 f\u0151<\/td>\n<\/tr>\n<tr>\n<td width=\"23\"><\/td>\n<td width=\"153\"><strong><em>\u00d6sszesen:<\/em><\/strong><\/td>\n<td width=\"275\"><strong><em>11 f\u0151<\/em><\/strong><\/td>\n<\/tr>\n<\/tbody>\n<\/table>\n<p>Minden dolgoz\u00f3ra jellemz\u0151 a gyermekszeretet, a tapintat, az emp\u00e1tia, a humanizmus \u00e9s a bizalom. Mindenkiben jelen van az \u00f6nm\u0171vel\u00e9sre, szaktud\u00e1s fejleszt\u00e9s\u00e9re val\u00f3 ig\u00e9ny. Az int\u00e9zm\u00e9ny valamennyi dolgoz\u00f3ja, a munkak\u00f6r\u00e9nek megfelel\u0151 iskolai v\u00e9gzetts\u00e9ggel rendelkezik. Az \u00f3voda nevel\u0151 munk\u00e1j\u00e1ban, az \u00f3vodapedag\u00f3gus mellett, a teljes alkalmazotti \u00e1llom\u00e1ny modellk\u00e9nt szolg\u00e1l a gyermekek sz\u00e1m\u00e1ra.<\/p>\n<p>A gyerekek \u00f6sszet\u00e9tel\u00e9t, k\u00e9pess\u00e9g\u00e9t vizsg\u00e1lva az \u00e1ltal\u00e1nos k\u00e9pess\u00e9ggel rendelkez\u0151k alkotj\u00e1k a t\u00f6bbs\u00e9get, de jelen vannak a kiemelked\u0151 k\u00e9pess\u00e9g\u0171ek, valamint valamely r\u00e9szk\u00e9pess\u00e9g hi\u00e1ny\u00e1val, lemarad\u00e1ssal k\u00fczd\u0151 gyermekek is. A fenti t\u00e9nyekb\u0151l k\u00f6vetkezik, hogy pedag\u00f3giai munk\u00e1nkban azonos er\u0151ss\u00e9ggel hat a tehets\u00e9ggondoz\u00e1s, fejleszt\u00e9s, felz\u00e1rk\u00f3ztat\u00e1s, valamint a szoci\u00e1lis h\u00e1tr\u00e1nyok lek\u00fczd\u00e9se.<\/p>\n<p>A szabadid\u0151 szervez\u00e9s\u00e9re, a tehets\u00e9ges gyerekek fejleszt\u00e9s\u00e9re a <a href=\"http:\/\/www.hajdusamson.hu\/files\/termek_files0000001095.jpg\">k\u00f6vetkez\u0151 tev\u00e9kenys\u00e9geket biztos\u00edtjuk<\/a><\/p>\n<p>Az \u00f3vod\u00e1ban a gyermekek fejleszt\u00e9s\u00e9vel okt\u00f3ber 1-t\u0151l logop\u00e9dusok \u00e9s fejleszt\u0151 pedag\u00f3gusok foglalkoznak, illetve gy\u00f3gypedag\u00f3gusi feladatok ell\u00e1t\u00e1s\u00e1t is biztos\u00edtjuk.<\/p>\n<p>\u00d3vod\u00e1nkban kiemelt figyelmet ford\u00edtunk a h\u00e1tr\u00e1nyos helyzet\u0171 gyermekek nevel\u00e9s\u00e9re, az \u00f3vodai k\u00f6z\u00f6ss\u00e9gbe val\u00f3 integr\u00e1l\u00e1sukra<\/p>\n<p>Az \u00f3voda legfontosabb dokumentuma a Pedag\u00f3giai Program, hiszen ebben fogalmazzuk meg azokat az \u00e9rt\u00e9keket, c\u00e9lokat, feladatokat, amelyek a mindennapi nevel\u00e9si tev\u00e9kenys\u00e9geink ir\u00e1ny\u00e1t meghat\u00e1rozz\u00e1k. A programunk bevezet\u00e9sre \u00f3ta, az id\u0151k folyam\u00e1n a mindennapok gyakorlat\u00e1ban bizony\u00edtotta m\u0171k\u00f6d\u0151k\u00e9pess\u00e9g\u00e9t, nevel\u0151test\u00fclet\u00fcnk tagjai azonosultak a program szellemis\u00e9g\u00e9vel. \u00d6sszhangban a k\u00f6zoktat\u00e1si t\u00f6rv\u00e9nyekkel figyelembe vett\u00fck az:<\/p>\n<ul>\n<li>Orsz\u00e1gos \u00d3vodai Alapprogram ir\u00e1nyelveit,<\/li>\n<li>a Tev\u00e9kenys\u00e9gk\u00f6zpont\u00fa \u00d3vodai Nevel\u00e9si Program szellemis\u00e9g\u00e9t,<\/li>\n<li>a helyi saj\u00e1toss\u00e1gokat.<\/li>\n<\/ul>\n<p>C\u00e9lunk, hogy der\u0171s, elfogad\u00f3 l\u00e9gk\u00f6rben, \u00e9lm\u00e9nygazdag k\u00f6rnyezetben, v\u00e1ltozatos tev\u00e9kenys\u00e9gek biztos\u00edt\u00e1s\u00e1val, a fejleszt\u00e9st szolg\u00e1l\u00f3 sokf\u00e9le hat\u00e1s \u00f6sszehangol\u00e1s\u00e1val, korszer\u0171 szeml\u00e9lettel, a gyermeki szem\u00e9lyis\u00e9g kibontakoztat\u00e1sa, pozit\u00edv ir\u00e1ny\u00fa fejleszt\u00e9se.<\/p>\n<p>\u00d3vod\u00e1nkban 1997-ben alakult meg a Hajd\u00fas\u00e1msoni \u00d3vod\u00e1sok\u00e9rt Alap\u00edtv\u00e1nyt, melynek c\u00e9lja az \u00f3vodai j\u00e1t\u00e9kok, eszk\u00f6z\u00f6k b\u0151v\u00edt\u00e9se \u00e9s az \u00f3vodai \u00e9let tartalmasabb\u00e1 t\u00e9tele. A ny\u00e1r folyam\u00e1n a fenti forr\u00e1sb\u00f3l udvari \u00e1rny\u00e9kol\u00f3k, j\u00e1t\u00e9keszk\u00f6z\u00f6k (focikapu, kos\u00e1rlabda pal\u00e1nk) ker\u00fcltek beszerz\u00e9sre.\u00a0 Az \u0151sz folyam\u00e1n tov\u00e1bbi f\u00e1s\u00edt\u00e1st, parkos\u00edt\u00e1st szervez\u00fcnk a sz\u00fcl\u0151k seg\u00edts\u00e9g\u00e9vel.<\/p>\n<p>A sz\u00f3 legszorosabb \u00e9rtelm\u00e9ben napi kapcsolatban vagyunk az \u00f3vod\u00e1s gyermekek sz\u00fcleivel. Az \u00f3vodai nevel\u00e9s a csal\u00e1di nevel\u00e9sre \u00e9p\u00fcl, azt kieg\u00e9sz\u00edtve szolg\u00e1lja a gyermekek fejl\u0151d\u00e9s\u00e9t.<\/p>\n<p>A sz\u00fcl\u0151kkel val\u00f3 kapcsolattart\u00e1s form\u00e1i az \u00f3voda rendezv\u00e9nyei, hagyom\u00e1nyos \u00fcnnepei. Az elm\u00falt \u00e9vek tapasztalatai mutatj\u00e1k, hogy a sz\u00fcl\u0151k t\u00f6bbs\u00e9ge aktiviz\u00e1lhat\u00f3, seg\u00edt\u0151k\u00e9sz az \u00f3voda \u00e9s a gyermekek fejl\u0151d\u00e9se \u00e9rdek\u00e9ben.<\/p>\n<p>Szeptemberben a t\u00f6rv\u00e9nyi el\u0151\u00edr\u00e1soknak megfelel\u0151en az \u00d3vodasz\u00e9k \u00fajj\u00e1 szervez\u0151d\u00f6tt, \u00e9s a Sz\u00fcl\u0151i szervezet is megtartotta alakul\u00f3 \u00fcl\u00e9s\u00e9t.<\/p>\n<p>Az \u00f3vod\u00e1ba \u00e9rkez\u00e9st megel\u0151z\u0151 \u00e9s az \u00f3vodai \u00e9veket k\u00f6vet\u0151 int\u00e9zm\u00e9nyekkel val\u00f3 kapcsolattart\u00e1st \u2013 az egym\u00e1sra \u00e9p\u00fcl\u0151 nevel\u00e9s megval\u00f3s\u00edt\u00e1s\u00e1t, az egyik int\u00e9zm\u00e9nyb\u0151l a m\u00e1sikba val\u00f3 \u00e1tmenet megk\u00f6nny\u00edt\u00e9se \u00e9rdek\u00e9ben \u2013 fontosnak tartjuk.<\/p>\n<p>Olyan tartalmas kapcsolat kialak\u00edt\u00e1s\u00e1ra t\u00f6reksz\u00fcnk, mely a k\u00f6lcs\u00f6n\u00f6s \u00e9rdekl\u0151d\u00e9s r\u00e9v\u00e9n lehet\u0151v\u00e9 teszi egym\u00e1s munk\u00e1j\u00e1nak, c\u00e9ljainak megismer\u00e9s\u00e9t, meg\u00e9rt\u00e9s\u00e9t, a szakmai kompetencia elismer\u00e9s\u00e9n alapul\u00f3 egy\u00fcttm\u0171k\u00f6d\u00e9st.<\/p>\n<p>Let\u00f6lthet\u0151 dokumentumok:<\/p>\n<ul>\n<li><a href=\"http:\/\/www.hajdusamson.hu\/files\/termek_files0000001432.pdf\">\u00d3voda Alap\u00edt\u00f3 Okirata &#8211; 2014..pdf<\/a><\/li>\n<li><a href=\"http:\/\/www.hajdusamson.hu\/files\/termek_files0000001092.pdf\">\u00d3voda k\u00f6zz\u00e9t\u00e9tel.pdf<\/a><\/li>\n<\/ul>\n<\/div><\/div>\n","protected":false},"excerpt":{"rendered":"","protected":false},"author":1,"featured_media":0,"parent":11807,"menu_order":0,"comment_status":"open","ping_status":"open","template":"","meta":{"footnotes":""},"class_list":["post-11836","page","type-page","status-publish","hentry"],"_links":{"self":[{"href":"https:\/\/hajdusamson.hu\/index.php?rest_route=\/wp\/v2\/pages\/11836","targetHints":{"allow":["GET"]}}],"collection":[{"href":"https:\/\/hajdusamson.hu\/index.php?rest_route=\/wp\/v2\/pages"}],"about":[{"href":"https:\/\/hajdusamson.hu\/index.php?rest_route=\/wp\/v2\/types\/page"}],"author":[{"embeddable":true,"href":"https:\/\/hajdusamson.hu\/index.php?rest_route=\/wp\/v2\/users\/1"}],"replies":[{"embeddable":true,"href":"https:\/\/hajdusamson.hu\/index.php?rest_route=%2Fwp%2Fv2%2Fcomments&post=11836"}],"version-history":[{"count":15,"href":"https:\/\/hajdusamson.hu\/index.php?rest_route=\/wp\/v2\/pages\/11836\/revisions"}],"predecessor-version":[{"id":22075,"href":"https:\/\/hajdusamson.hu\/index.php?rest_route=\/wp\/v2\/pages\/11836\/revisions\/22075"}],"up":[{"embeddable":true,"href":"https:\/\/hajdusamson.hu\/index.php?rest_route=\/wp\/v2\/pages\/11807"}],"wp:attachment":[{"href":"https:\/\/hajdusamson.hu\/index.php?rest_route=%2Fwp%2Fv2%2Fmedia&parent=11836"}],"curies":[{"name":"wp","href":"https:\/\/api.w.org\/{rel}","templated":true}]}}