{"id":12075,"date":"2015-03-12T06:30:04","date_gmt":"2015-03-12T05:30:04","guid":{"rendered":"http:\/\/hajdusamson.hu\/?page_id=12075"},"modified":"2024-04-21T20:19:25","modified_gmt":"2024-04-21T19:19:25","slug":"12075-2","status":"publish","type":"page","link":"https:\/\/hajdusamson.hu\/?page_id=12075","title":{"rendered":"N\u00e9pess\u00e9g nyilv\u00e1ntart\u00e1si \u00fcgyek"},"content":{"rendered":"<p><a name=\"lapteto\"><\/a><\/p>\n<div class=\"table-1\">\n<table width=\"100%\" align=\"center\">\n<caption><strong><span style=\"font-size: small;\">Az \u00fcgyeket int\u00e9z\u0151 oszt\u00e1ly:<\/span><\/strong><\/caption>\n<tbody>\n<tr>\n<td width=\"50%\">\u00a0\u00dcgyek:<\/p>\n<ul class=\"\">\n<li><a href=\"#b\">Lak\u00f3hely vagy tart\u00f3zkod\u00e1si hely bejelent\u00e9se, lakc\u00edmv\u00e1ltoz\u00e1s<\/a><\/li>\n<\/ul>\n<\/td>\n<td width=\"50%\"><strong>Hajd\u00fas\u00e1msoni Polg\u00e1rmesteri Hivatal<br \/>\nJogi \u00e9s Szervez\u00e9si Oszt\u00e1ly<br \/>\n<\/strong><em><span style=\"font-size: small;\"><strong>k\u00f6zponti el\u00e9rhet\u0151s\u00e9ge<br \/>\n<\/strong><\/span><\/em><a name=\"a\"><\/a><span style=\"font-size: small;\">4251 Hajd\u00fas\u00e1mson, Szabads\u00e1g t\u00e9r 5. \u201eA\u201d \u00e9p\u00fclet 14-as ajt\u00f3<br \/>\n<strong><em>Telefon:<\/em><\/strong> <em>+36 (52) 590-590 \/ 251<\/em><br \/>\n<em><strong>Email: <\/strong><a href=\"mailto:anyakonyv@hajdusamson.hu\">anyakonyv@hajdusamson.hu<\/a><\/em><\/span><\/td>\n<\/tr>\n<\/tbody>\n<\/table>\n<\/div>\n<p>&nbsp;<\/p>\n<style type='text\/css'>.reading-box-container-1 .element-bottomshadow:before,.reading-box-container-1 .element-bottomshadow:after{opacity:0.7;}<\/style><div class=\"fusion-reading-box-container reading-box-container-1\"><div class=\"reading-box\" style=\"background-color:#fff;border-width:1px;border-color:#f6f6f6;border-left-width:3px;border-left-color:#0057a3;border-style:solid;\">\n<h2 class=\"termek_kis\" style=\"text-align: center;\"><span style=\"color: #3366ff;\"><strong>Lak\u00f3hely vagy tart\u00f3zkod\u00e1si hely bejelent\u00e9se, lakc\u00edmv\u00e1ltoz\u00e1s<\/strong><\/span><\/h2>\n<p style=\"text-align: justify;\"><em><strong>Illet\u00e9kess\u00e9g<\/strong><\/em><\/p>\n<ul style=\"text-align: justify;\">\n<li>Hajd\u00fas\u00e1mson illet\u00e9kess\u00e9gi ter\u00fclet\u00e9n<\/li>\n<\/ul>\n<p style=\"text-align: justify;\"><em><strong>Sz\u00fcks\u00e9ges okiratok<\/strong><\/em><\/p>\n<ul style=\"text-align: justify;\">\n<li>szem\u00e9lyazonoss\u00e1got igazol\u00f3 okirat (\u00e9rv\u00e9nyes szem.ig., \u00fatlev\u00e9l vagy \u00faj t\u00edpus\u00fa vezet\u0151i enged\u00e9ly)<\/li>\n<li>lakc\u00edmjelent\u0151 lap (kiz\u00e1r\u00f3lag a polg\u00e1rmesteri hivatalban szerezhet\u0151 be)<\/li>\n<li>sz\u00e1ll\u00e1sad\u00f3i al\u00e1\u00edr\u00e1s a\u00a0 lakc\u00edmjelent\u0151 lapon<\/li>\n<li>szem\u00e9lyi lap vagy szem\u00e9lyi sz\u00e1mot igazol\u00f3 hat\u00f3s\u00e1gi igazolv\u00e1ny vagy lakc\u00edmigazolv\u00e1ny<\/li>\n<\/ul>\n<p style=\"text-align: justify;\"><em><strong>\u00dcgyint\u00e9z\u00e9s hat\u00e1rideje \u00e9s d\u00edja<\/strong><\/em><\/p>\n<ul style=\"text-align: justify;\">\n<li style=\"text-align: justify;\">azonnal, illet\u00e9kmentes<\/li>\n<\/ul>\n<p style=\"text-align: justify;\"><em><strong>Az alkalmazott jogszab\u00e1lyok<\/strong><\/em><\/p>\n<ul>\n<li style=\"text-align: justify;\">2004. \u00e9vi CXL. t\u00f6rv\u00e9ny a k\u00f6zigazgat\u00e1si hat\u00f3s\u00e1gi elj\u00e1r\u00e1s \u00e9s szolg\u00e1ltat\u00e1s \u00e1ltal\u00e1nos szab\u00e1lyair\u00f3l<\/li>\n<li style=\"text-align: justify;\">1992. \u00e9vi LXVI. tv. a polg\u00e1rok szem\u00e9lyi adatainak \u00e9s lakc\u00edm\u00e9nek nyilv\u00e1ntart\u00e1s\u00e1r\u00f3l<\/li>\n<li style=\"text-align: justify;\">146\/1993. (X.26.) Korm. rendelet a polg\u00e1rok szem\u00e9lyi adatainak \u00e9s lakc\u00edm\u00e9nek nyilv\u00e1ntart\u00e1s\u00e1r\u00f3l sz\u00f3l\u00f3 1992. \u00e9vi LXVI. t\u00f6rv\u00e9ny v\u00e9grehajt\u00e1s\u00e1r\u00f3l<\/li>\n<\/ul>\n<\/div><\/div>\n<p><a href=\"#lapteto\">A lap tetej\u00e9re<\/a><\/p>\n<p>Let\u00f6lthet\u0151 dokumentumok:<\/p>\n<div class=\"documents\">\n<ul>\n<li><a class=\"link\" href=\"http:\/\/www.hajdusamson.hu\/files\/termek_files0000001493.doc\" target=\"_blank\" rel=\"noopener noreferrer\">Kerelem_lakcim_fiktivve_nyilv\u00e1nitasahoz.doc<\/a><\/li>\n<\/ul>\n<\/div>\n","protected":false},"excerpt":{"rendered":"<p>Az \u00fcgyeket int\u00e9z\u0151 oszt\u00e1ly: \u00a0\u00dcgyek: Lak\u00f3hely vagy tart\u00f3zkod\u00e1si hely bejelent\u00e9se, lakc\u00edmv\u00e1ltoz\u00e1s Hajd\u00fas\u00e1msoni Polg\u00e1rmesteri Hivatal Jogi [&hellip;]<\/p>\n","protected":false},"author":1,"featured_media":0,"parent":11728,"menu_order":0,"comment_status":"open","ping_status":"open","template":"","meta":{"footnotes":""},"class_list":["post-12075","page","type-page","status-publish","hentry"],"_links":{"self":[{"href":"https:\/\/hajdusamson.hu\/index.php?rest_route=\/wp\/v2\/pages\/12075","targetHints":{"allow":["GET"]}}],"collection":[{"href":"https:\/\/hajdusamson.hu\/index.php?rest_route=\/wp\/v2\/pages"}],"about":[{"href":"https:\/\/hajdusamson.hu\/index.php?rest_route=\/wp\/v2\/types\/page"}],"author":[{"embeddable":true,"href":"https:\/\/hajdusamson.hu\/index.php?rest_route=\/wp\/v2\/users\/1"}],"replies":[{"embeddable":true,"href":"https:\/\/hajdusamson.hu\/index.php?rest_route=%2Fwp%2Fv2%2Fcomments&post=12075"}],"version-history":[{"count":18,"href":"https:\/\/hajdusamson.hu\/index.php?rest_route=\/wp\/v2\/pages\/12075\/revisions"}],"predecessor-version":[{"id":23913,"href":"https:\/\/hajdusamson.hu\/index.php?rest_route=\/wp\/v2\/pages\/12075\/revisions\/23913"}],"up":[{"embeddable":true,"href":"https:\/\/hajdusamson.hu\/index.php?rest_route=\/wp\/v2\/pages\/11728"}],"wp:attachment":[{"href":"https:\/\/hajdusamson.hu\/index.php?rest_route=%2Fwp%2Fv2%2Fmedia&parent=12075"}],"curies":[{"name":"wp","href":"https:\/\/api.w.org\/{rel}","templated":true}]}}