{"id":13655,"date":"2015-08-17T12:40:10","date_gmt":"2015-08-17T11:40:10","guid":{"rendered":"http:\/\/hajdusamson.hu\/?page_id=13655"},"modified":"2024-11-28T08:40:48","modified_gmt":"2024-11-28T07:40:48","slug":"kerelem-lakhatasi-tamogatas-megallapitasara","status":"publish","type":"page","link":"https:\/\/hajdusamson.hu\/?page_id=13655","title":{"rendered":"K\u00e9relem lakhat\u00e1si t\u00e1mogat\u00e1s meg\u00e1llap\u00edt\u00e1s\u00e1ra"},"content":{"rendered":"<style type='text\/css'>.reading-box-container-1 .element-bottomshadow:before,.reading-box-container-1 .element-bottomshadow:after{opacity:0.7;}<\/style><div class=\"fusion-reading-box-container reading-box-container-1\"><div class=\"reading-box\" style=\"background-color:#f6f6f6;border-width:1px;border-color:#f6f6f6;border-left-width:3px;border-left-color:#0057a3;border-style:solid;\"><h2>Let\u00f6lthet\u0151 nyomtatv\u00e1nyok (PDF)<\/h2>\n<ul>\n<li><a href=\"https:\/\/hajdusamson.hu\/wp-content\/uploads\/2021\/01\/K\u00e9relem-lakhat\u00e1si-t\u00e1mogat\u00e1s-meg\u00e1llap\u00edt\u00e1s\u00e1ra-v20210118.pdf\" target=\"_blank\" rel=\"noopener noreferrer\">K\u00e9relem lakhat\u00e1si t\u00e1mogat\u00e1s meg\u00e1llap\u00edt\u00e1s\u00e1ra v20210118<\/a> (PDF)<\/li>\n<li><a href=\"https:\/\/hajdusamson.hu\/wp-content\/uploads\/2021\/01\/Munk\u00e1ltat\u00f3i-igazol\u00e1s-v20210118.pdf\" target=\"_blank\" rel=\"noopener noreferrer\">Munk\u00e1ltat\u00f3i igazol\u00e1s v20210118<\/a> (PDF)<\/li>\n<li><a href=\"https:\/\/hajdusamson.hu\/wp-content\/uploads\/2021\/01\/Nyilatkozat-v20210118.pdf\" target=\"_blank\" rel=\"noopener noreferrer\">Nyilatkozat v20210118<\/a> (PDF)<\/li>\n<\/ul>\n<\/div><\/div><div class=\"fusion-fullwidth fullwidth-box\" style=\"background-color:#ffffff;background-attachment:scroll;background-position:left top;background-repeat:no-repeat;-webkit-background-size:cover;-moz-background-size:cover;-o-background-size:cover;background-size:cover;border-color:#eae9e9;border-bottom-width: 0px;border-top-width: 0px;border-bottom-style: solid;border-top-style: solid;padding-bottom:20px;padding-left:20px;padding-right:20px;padding-top:20px;\"><div class=\"avada-row\">\n<p><strong><u>\u00dcgyle\u00edr\u00e1s:<\/u><\/strong><\/p>\n<p style=\"text-align: justify;\">T\u00e1mogat\u00e1s ny\u00fajt\u00e1sa a szoci\u00e1lisan r\u00e1szorul\u00f3 h\u00e1ztart\u00e1sok r\u00e9sz\u00e9re, az \u00e1ltaluk lakott lak\u00e1s fenntart\u00e1s\u00e1hoz.<\/p>\n<p style=\"text-align: justify;\"><strong><u>Sz\u00fcks\u00e9ges okiratok:<\/u><\/strong><\/p>\n<p style=\"text-align: justify;\">Az ig\u00e9nyl\u0151 adatlap beny\u00fajt\u00e1sa eset\u00e9n az \u00fcgyint\u00e9z\u00e9s el\u0151seg\u00edt\u00e9se \u00e9rdek\u00e9ben a k\u00e9relmez\u0151 szem\u00e9lyi igazolv\u00e1nya, lakc\u00edmnyilv\u00e1ntart\u00f3-k\u00e1rtya \u00e9s TAJ- k\u00e1rtya bemutat\u00e1sa sz\u00fcks\u00e9ges!<\/p>\n<p style=\"text-align: justify;\"><strong><u>A k\u00e9relemhez csatolni kell: <\/u><\/strong><\/p>\n<ul style=\"text-align: justify;\">\n<li>a havi rendszeress\u00e9ggel j\u00e1r\u00f3 \u2013 nem v\u00e1llalkoz\u00e1sb\u00f3l, illetve \u0151stermel\u0151i tev\u00e9kenys\u00e9gb\u0151l sz\u00e1rmaz\u00f3- j\u00f6vedelem eset\u00e9n a k\u00e9relem beny\u00fajt\u00e1s\u00e1t megel\u0151z\u0151 h\u00f3nap j\u00f6vedelm\u00e9r\u0151l sz\u00f3l\u00f3 igazol\u00e1st,<\/li>\n<li>a nem havi rendszeress\u00e9ggel szerzett, illetve v\u00e1llalkoz\u00e1sb\u00f3l sz\u00e1rmaz\u00f3 j\u00f6vedelem eset\u00e9n a k\u00e9relem beny\u00fajt\u00e1s\u00e1nak h\u00f3napj\u00e1t k\u00f6zvetlen\u00fcl megel\u0151z\u0151 tizenk\u00e9t h\u00f3nap alatt szerzett j\u00f6vedelem egy havi \u00e1tlag\u00e1r\u00f3l sz\u00f3l\u00f3 igazol\u00e1st,<\/li>\n<li>gyermektart\u00e1sd\u00edjra, \u00f6szt\u00f6nd\u00edjra vonatkoz\u00f3 igazol\u00e1st, 18 \u00e9v feletti gyermek eset\u00e9ben iskolal\u00e1togat\u00e1si igazol\u00e1st.<\/li>\n<li>A k\u00e9relemhez csatolni kell a szolg\u00e1ltat\u00f3 v\u00e1llalatok \u00e1ltal kiadott utols\u00f3 havi sz\u00e1ml\u00e1kat, alb\u00e9rlet eset\u00e9n alb\u00e9rleti szerz\u0151d\u00e9s m\u00e1solat\u00e1t is.<\/li>\n<li>A k\u00e9relmez\u0151 \u00e9s a vele k\u00f6z\u00f6s h\u00e1ztart\u00e1sban lak\u00f3k vagyonnyilatkozat\u00e1t.<\/li>\n<\/ul>\n<p style=\"text-align: justify;\"><strong><u>A gyorsabb \u00fcgyint\u00e9z\u00e9s \u00e9rdek\u00e9ben csatolni lehet: <\/u><\/strong><\/p>\n<ul>\n<li style=\"text-align: justify;\">\u00e1rvaell\u00e1t\u00e1s \u00f6sszeg\u00e9r\u0151l sz\u00f3l\u00f3 hat\u00f3s\u00e1gi bizony\u00edtv\u00e1nyt, \u00e1ll\u00e1skeres\u00e9si ell\u00e1t\u00e1s hat\u00e1rozat\u00e1t,<\/li>\n<li style=\"text-align: justify;\">nyugd\u00edjasok eset\u00e9n a Nyugd\u00edjbiztos\u00edt\u00f3 Igazgat\u00f3s\u00e1g \u00e1ltal kiadott nyugd\u00edj \u00f6sszeg\u00e9r\u0151l sz\u00f3l\u00f3 \u00e9ves igazol\u00e1st,<\/li>\n<li style=\"text-align: justify;\">a k\u00e9relem beny\u00fajt\u00e1s\u00e1t megel\u0151z\u0151 h\u00f3nap nyugd\u00edjszelv\u00e9ny\u00e9t.<\/li>\n<li style=\"text-align: justify;\">V\u00e1l\u00e1sr\u00f3l, gyermekelhelyez\u00e9sr\u0151l sz\u00f3l\u00f3 b\u00edr\u00f3s\u00e1gi v\u00e9gz\u00e9s m\u00e1solat\u00e1t. Fogyat\u00e9koss\u00e1got igazol\u00f3 okiratot.<\/li>\n<li style=\"text-align: justify;\">Mozg\u00e1skorl\u00e1tozotts\u00e1g ok\u00e1n fenntartott g\u00e9pj\u00e1rm\u0171 eset\u00e9n a mozg\u00e1skorl\u00e1tozotts\u00e1got igazol\u00f3 okiratot.<\/li>\n<\/ul>\n\n<p><strong><u>Kapcsol\u00f3d\u00f3 dokumentumok, nyomtatv\u00e1nyok, \u00fatmutat\u00f3k:<\/u><\/strong><\/p>\n<p style=\"padding-left: 30px;\">A k\u00e9relmet formanyomtatv\u00e1nyon kell beny\u00fajtani:<\/p>\n<ul>\n<li><a href=\"https:\/\/hajdusamson.hu\/wp-content\/uploads\/2021\/01\/K\u00e9relem-lakhat\u00e1si-t\u00e1mogat\u00e1s-meg\u00e1llap\u00edt\u00e1s\u00e1ra-v20210118.pdf\" target=\"_blank\" rel=\"noopener noreferrer\">K\u00e9relem lakhat\u00e1si t\u00e1mogat\u00e1s meg\u00e1llap\u00edt\u00e1s\u00e1ra v20210118<\/a> (PDF)<\/li>\n<li><a href=\"https:\/\/hajdusamson.hu\/wp-content\/uploads\/2021\/01\/Munk\u00e1ltat\u00f3i-igazol\u00e1s-v20210118.pdf\" target=\"_blank\" rel=\"noopener noreferrer\">Munk\u00e1ltat\u00f3i igazol\u00e1s v20210118<\/a> (PDF)<\/li>\n<li><a href=\"https:\/\/hajdusamson.hu\/wp-content\/uploads\/2021\/01\/Nyilatkozat-v20210118.pdf\" target=\"_blank\" rel=\"noopener noreferrer\">Nyilatkozat v20210118<\/a> (PDF)<\/li>\n<\/ul>\n<p><strong><u>\u00dcgyint\u00e9z\u00e9s hat\u00e1rideje \u00e9s d\u00edja:<\/u><\/strong><\/p>\n<p style=\"padding-left: 40px;\">60 nap, k\u00f6lts\u00e9g \u00e9s illet\u00e9kmentes<\/p>\n<p><strong><u>Az alkalmazott jogszab\u00e1lyok:<\/u><\/strong><\/p>\n<ul>\n<li>A szoci\u00e1lis igazgat\u00e1sr\u00f3l \u00e9s szoci\u00e1lis ell\u00e1t\u00e1sokr\u00f3l sz\u00f3l\u00f3 1993. \u00e9vi III. t\u00f6rv\u00e9ny 45. \u00a7-a.<\/li>\n<li>A telep\u00fcl\u00e9si t\u00e1mogat\u00e1s meg\u00e1llap\u00edt\u00e1s\u00e1nak, kifizet\u00e9s\u00e9nek, foly\u00f3s\u00edt\u00e1s\u00e1nak, valamint felhaszn\u00e1l\u00e1sa ellen\u0151rz\u00e9s\u00e9nek szab\u00e1lyair\u00f3l sz\u00f3l\u00f3 5\/2015 (II.26.) Hajd\u00fas\u00e1mson V\u00e1ros \u00d6nkorm\u00e1nyzata K\u00e9pvisel\u0151-test\u00fclet\u00e9nek \u00f6nkorm\u00e1nyzati rendelete,<\/li>\n<li>az \u00e1ltal\u00e1nos k\u00f6zigazgat\u00e1si rendtart\u00e1sr\u00f3l sz\u00f3l\u00f3 2016. \u00e9vi CL. t\u00f6rv\u00e9ny.<\/li>\n<\/ul>\n<p><strong><u>Egy\u00e9b fontos tudnival\u00f3k.<\/u><\/strong><\/p>\n<ul>\n<li style=\"text-align: justify;\">t\u00e1mogat\u00e1sra jogosult az a szem\u00e9ly,<br \/>\na)\u00a0 aki a k\u00e9relemben megjel\u00f6lt lak\u00e1sban bejelentett lakc\u00edmmel rendelkezik, abban \u00e9letvitelszer\u0171en lakik, \u00e9s annak tulajdonosa, haszon\u00e9lvez\u0151je, b\u00e9rl\u0151je<br \/>\nb)\u00a0 akinek a h\u00e1ztart\u00e1s\u00e1ban az egy fogyaszt\u00e1si egys\u00e9gre jut\u00f3 havi j\u00f6vedelem a szoci\u00e1lis vet\u00edt\u00e9si alap 180% nem \u00e9ri el , vagy akinek az egy fogyaszt\u00e1si egys\u00e9gre jut\u00f3 havi j\u00f6vedelme a szoci\u00e1lis vet\u00edt\u00e9si alap 180%-a \u00e9s 250%-a k\u00f6z\u00f6tt van.<br \/>\nc)\u00a0 akinek h\u00e1ztart\u00e1sa egyik tagj\u00e1nak sincs vagyona. A hat\u00e1lyos jogi szab\u00e1lyoz\u00e1s alapj\u00e1n vagyonnak min\u0151s\u00fcl az a hasznos\u00edthat\u00f3 ingatlan, j\u00e1rm\u0171, tov\u00e1bb\u00e1 vagyoni \u00e9rt\u00e9k\u0171 jog, amelynek k\u00fcl\u00f6n-k\u00fcl\u00f6n sz\u00e1m\u00edtott forgalmi \u00e9rt\u00e9ke, illet\u0151leg \u00f6sszege a szoci\u00e1lis vet\u00edt\u00e9si alap 30-szoros\u00e1t (855.000 Ft), vagy az egy\u00fcttes forgalmi \u00e9rt\u00e9ke a szoci\u00e1lis vet\u00edt\u00e9si alap 80-szoros\u00e1t (2.280.000 Ft) meghaladja. Nem min\u0151s\u00fcl vagyonnak az az ingatlan, amelyben az \u00e9rintett szem\u00e9ly \u00e9letvitelszer\u0171en lakik, az a vagyoni \u00e9rt\u00e9k\u0171 jog, amely az \u00e1ltala lakott ingatlanon \u00e1ll fenn, tov\u00e1bb\u00e1 a mozg\u00e1skorl\u00e1tozotts\u00e1gra tekintettel fenntartott g\u00e9pj\u00e1rm\u0171.<\/li>\n<li style=\"text-align: justify;\"><u>T\u00e1mogat\u00e1s id\u0151tartama:<\/u> 12 h\u00f3nap<\/li>\n<li style=\"text-align: justify;\"><u>T\u00e1mogat\u00e1s \u00f6sszege:<\/u> amennyiben az egy fogyaszt\u00e1si egys\u00e9gre jut\u00f3 havi j\u00f6vedelem a szoci\u00e1lis vet\u00edt\u00e9si alap 180%-\u00e1t nem \u00e9ri el (51 300 Ft-ot) 5 000 Ft\/h\u00f3, illetve amennyiben az egy fogyaszt\u00e1si egys\u00e9gre jut\u00f3 havi j\u00f6vedelem a szoci\u00e1lis vet\u00edt\u00e9si alap 180%-a \u00e9s 250%-a k\u00f6z\u00f6tt van (51 300 Ft \u00e9s 71 250 Ft k\u00f6z\u00f6tt) 3 000 Ft\/h\u00f3 t\u00e1mogat\u00e1s adhat\u00f3.<\/li>\n<li style=\"text-align: justify;\"><u>A lakhat\u00e1si t\u00e1mogat\u00e1s ir\u00e1nti k\u00e9relem beny\u00fajt\u00f3ja, illetve az ell\u00e1t\u00e1s jogosultja a jogosults\u00e1g <\/u><u>egy\u00e9b felt\u00e9telek\u00e9nt k\u00f6teles h\u00e1z\u00e1nak, kertj\u00e9nek rendben tart\u00e1s\u00e1ra az al\u00e1bbiak szerint:<br \/>\n<\/u>a) az \u00e1ltala lakott ingatlan udvar\u00e1n kett\u0151 darab szem\u00e9tt\u00e1rol\u00f3 ed\u00e9ny (kommun\u00e1lis \u00e9s szelekt\u00edv) elhelyez\u00e9se \u00e9s rendeltet\u00e9sszer\u0171 haszn\u00e1lata,<br \/>\nb) a lak\u00e1shoz tartoz\u00f3 udvar, kert rendben tart\u00e1sa, k\u00fcl\u00f6n\u00f6s tekintettel az esetlegesen ott tal\u00e1lhat\u00f3 szem\u00e9t, lom, gaz \u00e9s gyom elt\u00e1vol\u00edt\u00e1sa, a k\u00e1rtev\u0151kt\u0151l, r\u00e1gcs\u00e1l\u00f3kt\u00f3l val\u00f3 mentes\u00edt\u00e9se<br \/>\nc) az ingatlan el\u0151tti j\u00e1rd\u00e1nak (j\u00e1rda hi\u00e1ny\u00e1ban egy m\u00e9ter sz\u00e9les ter\u00fclets\u00e1vnak) tiszt\u00e1n tart\u00e1sa, szem\u00e9t- \u00e9s gyommentes\u00edt\u00e9se, k\u00fcl\u00f6n\u00f6s tekintettel az \u00e1rok \u00e9s \u00e1teresz rendben tart\u00e1s\u00e1ra,<br \/>\nd) a lak\u00e1s rendeltet\u00e9sszer\u0171 haszn\u00e1lata az al\u00e1bbiak szerint: a fert\u0151z\u00e9svesz\u00e9ly elker\u00fcl\u00e9se \u00e9rdek\u00e9ben, tartsa be az elv\u00e1rhat\u00f3 higi\u00e9ni\u00e1s szab\u00e1lyokat.<br \/>\nNem \u00e1llap\u00edthat\u00f3 meg telep\u00fcl\u00e9si t\u00e1mogat\u00e1s annak az akt\u00edv kor\u00fa szem\u00e9lynek, aki \u00e1ll\u00e1skeres\u0151k\u00e9nt, illetve akinek csal\u00e1dj\u00e1ban \u00e9l\u0151 szem\u00e9ly munkan\u00e9lk\u00fclik\u00e9nt a munkahely keres\u00e9s c\u00e9lj\u00e1b\u00f3l nem m\u0171k\u00f6dik egy\u00fctt a Hajd\u00fa-Bihar V\u00e1rmegyei Korm\u00e1nyhivatal Debreceni J\u00e1r\u00e1si Hivatala Foglalkoztat\u00e1si\u00a0 Oszt\u00e1ly\u00e1val.<\/li>\n<\/ul>\n<\/div><\/div>\n","protected":false},"excerpt":{"rendered":"","protected":false},"author":1,"featured_media":0,"parent":11736,"menu_order":0,"comment_status":"open","ping_status":"open","template":"","meta":{"footnotes":""},"class_list":["post-13655","page","type-page","status-publish","hentry"],"_links":{"self":[{"href":"https:\/\/hajdusamson.hu\/index.php?rest_route=\/wp\/v2\/pages\/13655","targetHints":{"allow":["GET"]}}],"collection":[{"href":"https:\/\/hajdusamson.hu\/index.php?rest_route=\/wp\/v2\/pages"}],"about":[{"href":"https:\/\/hajdusamson.hu\/index.php?rest_route=\/wp\/v2\/types\/page"}],"author":[{"embeddable":true,"href":"https:\/\/hajdusamson.hu\/index.php?rest_route=\/wp\/v2\/users\/1"}],"replies":[{"embeddable":true,"href":"https:\/\/hajdusamson.hu\/index.php?rest_route=%2Fwp%2Fv2%2Fcomments&post=13655"}],"version-history":[{"count":16,"href":"https:\/\/hajdusamson.hu\/index.php?rest_route=\/wp\/v2\/pages\/13655\/revisions"}],"predecessor-version":[{"id":24396,"href":"https:\/\/hajdusamson.hu\/index.php?rest_route=\/wp\/v2\/pages\/13655\/revisions\/24396"}],"up":[{"embeddable":true,"href":"https:\/\/hajdusamson.hu\/index.php?rest_route=\/wp\/v2\/pages\/11736"}],"wp:attachment":[{"href":"https:\/\/hajdusamson.hu\/index.php?rest_route=%2Fwp%2Fv2%2Fmedia&parent=13655"}],"curies":[{"name":"wp","href":"https:\/\/api.w.org\/{rel}","templated":true}]}}